{"id":981,"date":"2024-06-11T10:15:16","date_gmt":"2024-06-11T14:15:16","guid":{"rendered":"https:\/\/www.proeibandes.org\/?page_id=981"},"modified":"2024-07-18T09:43:17","modified_gmt":"2024-07-18T13:43:17","slug":"lineas-de-investigacion","status":"publish","type":"page","link":"https:\/\/www.proeibandes.org\/?page_id=981","title":{"rendered":"L\u00edneas de investigaci\u00f3n"},"content":{"rendered":"\n<div class=\"wp-block-stackable-spacer stk-block-spacer stk--no-padding stk-block stk-d50fab4\" data-block-id=\"d50fab4\"><\/div>\n\n\n\n<details class=\"wp-block-stackable-accordion stk-block-accordion stk-inner-blocks stk-block-content stk--is-open stk-block stk-0021862 is-style-default\" open data-block-id=\"0021862\">\n<summary class=\"wp-block-stackable-column stk-block-column stk-column stk-block stk-40d89e6 stk--container-small stk-block-accordion__heading\" data-v=\"4\" data-block-id=\"40d89e6\"><div class=\"stk-column-wrapper stk-block-column__content stk-container stk-40d89e6-container stk-hover-parent\"><div class=\"stk-block-content stk-inner-blocks stk-40d89e6-inner-blocks\">\n<div class=\"wp-block-stackable-icon-label stk-block-icon-label stk-block stk-21eca2d\" data-block-id=\"21eca2d\"><div class=\"stk-row stk-inner-blocks stk-block-content\">\n<div class=\"wp-block-stackable-heading stk-block-heading stk-block-heading--v2 stk-block stk-d04a813\" id=\"strong-globalizacion-interculturalidad-y-educacion-strong\" data-block-id=\"d04a813\"><h4 class=\"stk-block-heading__text\"><strong>Globalizaci\u00f3n, interculturalidad y educaci\u00f3n<\/strong><\/h4><\/div>\n\n\n\n<div class=\"wp-block-stackable-icon stk-block-icon stk-block stk-ff0091b\" data-block-id=\"ff0091b\"><span class=\"stk--svg-wrapper\"><div class=\"stk--inner-svg\"><svg style=\"height:0;width:0\"><defs><linearGradient id=\"linear-gradient-ff0091b\" x1=\"0\" x2=\"100%\" y1=\"0\" y2=\"0\"><stop offset=\"0%\" style=\"stop-opacity:1;stop-color:var(--linear-gradient-ff-0091-b-color-1)\"><\/stop><stop offset=\"100%\" style=\"stop-opacity:1;stop-color:var(--linear-gradient-ff-0091-b-color-2)\"><\/stop><\/linearGradient><\/defs><\/svg><svg data-prefix=\"fas\" data-icon=\"chevron-down\" class=\"svg-inline--fa fa-chevron-down fa-w-14\" xmlns=\"http:\/\/www.w3.org\/2000\/svg\" viewBox=\"0 0 448 512\" aria-hidden=\"true\" width=\"32\" height=\"32\"><path fill=\"currentColor\" d=\"M207.029 381.476L12.686 187.132c-9.373-9.373-9.373-24.569 0-33.941l22.667-22.667c9.357-9.357 24.522-9.375 33.901-.04L224 284.505l154.745-154.021c9.379-9.335 24.544-9.317 33.901.04l22.667 22.667c9.373 9.373 9.373 24.569 0 33.941L240.971 381.476c-9.373 9.372-24.569 9.372-33.942 0z\"><\/path><\/svg><\/div><\/span><\/div>\n<\/div><\/div>\n<\/div><\/div><\/summary>\n\n\n\n<div class=\"wp-block-stackable-column stk-block-column stk-column stk-block stk-a7cf165 stk-block-accordion__content\" data-v=\"4\" data-block-id=\"a7cf165\"><div class=\"stk-column-wrapper stk-block-column__content stk-container stk-a7cf165-container stk--no-background stk--no-padding\"><div class=\"stk-block-content stk-inner-blocks stk-a7cf165-inner-blocks\">\n<div class=\"wp-block-stackable-text stk-block-text stk-block stk-a7d35f5\" data-block-id=\"a7d35f5\"><style>.stk-a7d35f5{margin-bottom:0px !important}<\/style><p class=\"stk-block-text__text\">Esta l\u00ednea aborda la problem\u00e1tica de la educaci\u00f3n (en diferentes modalidades, \u00e1mbitos y actores sociales) vinculada a los fen\u00f3menos sociales, culturales, econ\u00f3micos, ambientales, jur\u00eddicos y comunicacionales, que moldean hoy la sociedad boliviana y local en el contexto de la diversidad cultural y la globalizaci\u00f3n.<\/p><\/div>\n\n\n\n<div class=\"wp-block-stackable-columns stk-block-columns stk-block stk-af5da7e\" data-block-id=\"af5da7e\"><style>.stk-af5da7e .stk--block-align-af5da7e{align-items:flex-start !important}<\/style><div class=\"stk-row stk-inner-blocks has-text-align-left stk--block-align-af5da7e stk-block-content stk-content-align stk-af5da7e-column\">\n<div class=\"wp-block-stackable-column stk-block-column stk-column stk-block stk-57d5d22\" data-v=\"4\" data-block-id=\"57d5d22\"><style>@media screen and (min-width:690px){.stk-57d5d22{flex:var(--stk-flex-grow,1) 1 calc(54.9% - var(--stk-column-gap,0px) * 1 \/ 2 ) !important}}<\/style><div class=\"stk-column-wrapper stk-block-column__content stk-container stk-57d5d22-container stk--no-background stk--no-padding\"><div class=\"stk-block-content stk-inner-blocks stk-57d5d22-inner-blocks\">\n<div class=\"wp-block-stackable-text stk-block-text stk-block stk-21fae95\" data-block-id=\"21fae95\"><p class=\"stk-block-text__text\">En este contexto, sobresale el an\u00e1lisis de las relaciones entre educaci\u00f3n y: sociedad global; derechos humanos; empleo y econom\u00eda plural; comunicaci\u00f3n y mediatizaci\u00f3n; gesti\u00f3n del conocimiento, arte y creatividad. Este abordaje pone de relieve el pluralismo epistemol\u00f3gico, la interculturalidad y la perspectiva transdisciplinar, considerando los aportes de los campos de conocimiento de las ciencias humanas y sociales.<\/p><\/div>\n<\/div><\/div><\/div>\n\n\n\n<div class=\"wp-block-stackable-column stk-block-column stk-column stk-block stk-fafcc29\" data-v=\"4\" data-block-id=\"fafcc29\"><style>@media screen and (min-width:690px){.stk-fafcc29{flex:var(--stk-flex-grow,1) 1 calc(45.099999999999994% - var(--stk-column-gap,0px) * 1 \/ 2 ) !important}}<\/style><div class=\"stk-column-wrapper stk-block-column__content stk-container stk-fafcc29-container stk--no-background stk--no-padding\"><div class=\"stk-block-content stk-inner-blocks stk-fafcc29-inner-blocks\">\n<div class=\"wp-block-stackable-image stk-block-image has-text-align-center stk-block stk-c03bab4\" data-block-id=\"c03bab4\"><style>.stk-c03bab4 .stk-img-wrapper{width:60% !important}@media screen and (max-width:689px){.stk-c03bab4 .stk-img-wrapper{width:100% !important;height:250px !important}}<\/style><figure><span class=\"stk-img-wrapper stk-image--shape-stretch\"><img loading=\"lazy\" decoding=\"async\" class=\"stk-img wp-image-1579\" src=\"http:\/\/www.proeibandes.org\/wp-content\/uploads\/2024\/06\/Interculturalidad.jpg\" width=\"1024\" height=\"1024\" srcset=\"https:\/\/www.proeibandes.org\/wp-content\/uploads\/2024\/06\/Interculturalidad.jpg 1024w, https:\/\/www.proeibandes.org\/wp-content\/uploads\/2024\/06\/Interculturalidad-300x300.jpg 300w, https:\/\/www.proeibandes.org\/wp-content\/uploads\/2024\/06\/Interculturalidad-150x150.jpg 150w, https:\/\/www.proeibandes.org\/wp-content\/uploads\/2024\/06\/Interculturalidad-768x768.jpg 768w\" sizes=\"(max-width: 1024px) 100vw, 1024px\" \/><\/span><\/figure><\/div>\n<\/div><\/div><\/div>\n<\/div><\/div>\n<\/div><\/div><\/div>\n<\/details>\n\n\n\n<details class=\"wp-block-stackable-accordion stk-block-accordion stk-inner-blocks stk-block-content stk--is-open stk-block stk-f3ab5c2 is-style-default\" open data-block-id=\"f3ab5c2\"><style>.stk-f3ab5c2{margin-bottom:25px !important}<\/style>\n<summary class=\"wp-block-stackable-column stk-block-column stk-column stk-block stk-b921185 stk--container-small stk-block-accordion__heading\" data-v=\"4\" data-block-id=\"b921185\"><div class=\"stk-column-wrapper stk-block-column__content stk-container stk-b921185-container stk-hover-parent\"><div class=\"stk-block-content stk-inner-blocks stk-b921185-inner-blocks\">\n<div class=\"wp-block-stackable-icon-label stk-block-icon-label stk-block stk-ab083c6\" data-block-id=\"ab083c6\"><div class=\"stk-row stk-inner-blocks stk-block-content\">\n<div class=\"wp-block-stackable-heading stk-block-heading stk-block-heading--v2 stk-block stk-5a795da\" id=\"strong-familia-valores-y-cambios-sociales-strong\" data-block-id=\"5a795da\"><h4 class=\"stk-block-heading__text\"><strong>Familia, valores y cambios sociales<\/strong><\/h4><\/div>\n\n\n\n<div class=\"wp-block-stackable-icon stk-block-icon stk-block stk-c3a4f18\" data-block-id=\"c3a4f18\"><span class=\"stk--svg-wrapper\"><div class=\"stk--inner-svg\"><svg style=\"height:0;width:0\"><defs><linearGradient id=\"linear-gradient-c3a4f18\" x1=\"0\" x2=\"100%\" y1=\"0\" y2=\"0\"><stop offset=\"0%\" style=\"stop-opacity:1;stop-color:var(--linear-gradient-c-3-a-4-f-18-color-1)\"><\/stop><stop offset=\"100%\" style=\"stop-opacity:1;stop-color:var(--linear-gradient-c-3-a-4-f-18-color-2)\"><\/stop><\/linearGradient><\/defs><\/svg><svg data-prefix=\"fas\" data-icon=\"chevron-down\" class=\"svg-inline--fa fa-chevron-down fa-w-14\" xmlns=\"http:\/\/www.w3.org\/2000\/svg\" viewBox=\"0 0 448 512\" aria-hidden=\"true\" width=\"32\" height=\"32\"><path fill=\"currentColor\" d=\"M207.029 381.476L12.686 187.132c-9.373-9.373-9.373-24.569 0-33.941l22.667-22.667c9.357-9.357 24.522-9.375 33.901-.04L224 284.505l154.745-154.021c9.379-9.335 24.544-9.317 33.901.04l22.667 22.667c9.373 9.373 9.373 24.569 0 33.941L240.971 381.476c-9.373 9.372-24.569 9.372-33.942 0z\"><\/path><\/svg><\/div><\/span><\/div>\n<\/div><\/div>\n<\/div><\/div><\/summary>\n\n\n\n<div class=\"wp-block-stackable-column stk-block-column stk-column stk-block stk-69b61e0 stk-block-accordion__content\" data-v=\"4\" data-block-id=\"69b61e0\"><div class=\"stk-column-wrapper stk-block-column__content stk-container stk-69b61e0-container stk--no-background stk--no-padding\"><div class=\"stk-block-content stk-inner-blocks stk-69b61e0-inner-blocks\">\n<p>Esta l\u00ednea pone su foco de atenci\u00f3n en la importancia de familia (como unidad b\u00e1sica de la sociedad) encargada de la reproducci\u00f3n del sistema de valores para la convivencia social, en el contexto de las nuevas din\u00e1micas sociales que caracteriza hoy a las sociedades en el mundo global.<\/p>\n\n\n\n<div class=\"wp-block-stackable-columns stk-block-columns stk-block stk-df6ee92\" data-block-id=\"df6ee92\"><div class=\"stk-row stk-inner-blocks stk-block-content stk-content-align stk-df6ee92-column\">\n<div class=\"wp-block-stackable-column stk-block-column stk-column stk-block stk-412a959\" data-v=\"4\" data-block-id=\"412a959\"><div class=\"stk-column-wrapper stk-block-column__content stk-container stk-412a959-container stk--no-background stk--no-padding\"><div class=\"stk-block-content stk-inner-blocks stk-412a959-inner-blocks\">\n<div class=\"wp-block-stackable-text stk-block-text stk-block stk-5ee73bd\" data-block-id=\"5ee73bd\"><p class=\"stk-block-text__text\">La movilidad social reconfigura nuevos modos de convivencia en las familias, ya que los desplazamientos humanos dibujan un escenario complejo donde se configuran: estrategias de vida, culturas, saberes, lenguas e identidades transterritoriales. En esta problem\u00e1tica resaltan el abordaje de nuevas configuraciones de tipos de familias, roles y formas de relacionamiento entre sus miembros (padres e hijos, personas de la tercera edad, adolescentes, mujeres). Este abordaje pone de relieve la crisis de la familia y la crisis de valores que se vive hoy, en particular la violaci\u00f3n de los derechos humanos y la violencia en todas sus formas. Asimismo, plantea el an\u00e1lisis de las problem\u00e1ticas relativas a las juventudes (urbano-rurales) y sus nuevas agendas en el contexto de la globalizaci\u00f3n. Por \u00faltimo, las problem\u00e1ticas concernientes a las mujeres, desde la perspectiva de g\u00e9nero y los cuidados. Esta l\u00ednea considera prioritarios los aportes de la psicolog\u00eda, el trabajo social, la comunicaci\u00f3n social y las ciencias de la educaci\u00f3n.<\/p><\/div>\n<\/div><\/div><\/div>\n\n\n\n<div class=\"wp-block-stackable-column stk-block-column stk-column stk-block stk-ca7635c\" data-v=\"4\" data-block-id=\"ca7635c\"><div class=\"stk-column-wrapper stk-block-column__content stk-container stk-ca7635c-container stk--no-background stk--no-padding\"><div class=\"stk-block-content stk-inner-blocks stk-ca7635c-inner-blocks\">\n<div class=\"wp-block-stackable-image stk-block-image stk-block stk-4812db5\" data-block-id=\"4812db5\"><style>.stk-4812db5 .stk-img-wrapper{width:100% !important;height:433px !important}<\/style><figure><span class=\"stk-img-wrapper stk-image--shape-stretch\"><img loading=\"lazy\" decoding=\"async\" class=\"stk-img wp-image-1581\" src=\"http:\/\/www.proeibandes.org\/wp-content\/uploads\/2024\/06\/LimeWire-AI-Studio-Asset-1.jpg\" width=\"1024\" height=\"1024\" srcset=\"https:\/\/www.proeibandes.org\/wp-content\/uploads\/2024\/06\/LimeWire-AI-Studio-Asset-1.jpg 1024w, https:\/\/www.proeibandes.org\/wp-content\/uploads\/2024\/06\/LimeWire-AI-Studio-Asset-1-300x300.jpg 300w, https:\/\/www.proeibandes.org\/wp-content\/uploads\/2024\/06\/LimeWire-AI-Studio-Asset-1-150x150.jpg 150w, https:\/\/www.proeibandes.org\/wp-content\/uploads\/2024\/06\/LimeWire-AI-Studio-Asset-1-768x768.jpg 768w\" sizes=\"(max-width: 1024px) 100vw, 1024px\" \/><\/span><\/figure><\/div>\n<\/div><\/div><\/div>\n<\/div><\/div>\n<\/div><\/div><\/div>\n<\/details>\n\n\n\n<details class=\"wp-block-stackable-accordion stk-block-accordion stk-inner-blocks stk-block-content stk--is-open stk-block stk-62ab3ca is-style-default\" open data-block-id=\"62ab3ca\">\n<summary class=\"wp-block-stackable-column stk-block-column stk-column stk-block stk-bf0d47c stk--container-small stk-block-accordion__heading\" data-v=\"4\" data-block-id=\"bf0d47c\"><div class=\"stk-column-wrapper stk-block-column__content stk-container stk-bf0d47c-container stk-hover-parent\"><div class=\"stk-block-content stk-inner-blocks stk-bf0d47c-inner-blocks\">\n<div class=\"wp-block-stackable-icon-label stk-block-icon-label stk-block stk-b967d41\" data-block-id=\"b967d41\"><div class=\"stk-row stk-inner-blocks stk-block-content\">\n<div class=\"wp-block-stackable-heading stk-block-heading stk-block-heading--v2 stk-block stk-0de11d9\" id=\"strong-strong-sociedad-digital-comunicacion-y-convivencia-social-strong-strong\" data-block-id=\"0de11d9\"><h4 class=\"stk-block-heading__text\"><strong><strong>Sociedad digital, comunicaci\u00f3n y convivencia social<\/strong> <\/strong><\/h4><\/div>\n\n\n\n<div class=\"wp-block-stackable-icon stk-block-icon stk-block stk-75bb53f\" data-block-id=\"75bb53f\"><span class=\"stk--svg-wrapper\"><div class=\"stk--inner-svg\"><svg style=\"height:0;width:0\"><defs><linearGradient id=\"linear-gradient-75bb53f\" x1=\"0\" x2=\"100%\" y1=\"0\" y2=\"0\"><stop offset=\"0%\" style=\"stop-opacity:1;stop-color:var(--linear-gradient-75-bb-53-f-color-1)\"><\/stop><stop offset=\"100%\" style=\"stop-opacity:1;stop-color:var(--linear-gradient-75-bb-53-f-color-2)\"><\/stop><\/linearGradient><\/defs><\/svg><svg data-prefix=\"fas\" data-icon=\"chevron-down\" class=\"svg-inline--fa fa-chevron-down fa-w-14\" xmlns=\"http:\/\/www.w3.org\/2000\/svg\" viewBox=\"0 0 448 512\" aria-hidden=\"true\" width=\"32\" height=\"32\"><path fill=\"currentColor\" d=\"M207.029 381.476L12.686 187.132c-9.373-9.373-9.373-24.569 0-33.941l22.667-22.667c9.357-9.357 24.522-9.375 33.901-.04L224 284.505l154.745-154.021c9.379-9.335 24.544-9.317 33.901.04l22.667 22.667c9.373 9.373 9.373 24.569 0 33.941L240.971 381.476c-9.373 9.372-24.569 9.372-33.942 0z\"><\/path><\/svg><\/div><\/span><\/div>\n<\/div><\/div>\n<\/div><\/div><\/summary>\n\n\n\n<div class=\"wp-block-stackable-column stk-block-column stk-column stk-block stk-ca611ce stk-block-accordion__content\" data-v=\"4\" data-block-id=\"ca611ce\"><div class=\"stk-column-wrapper stk-block-column__content stk-container stk-ca611ce-container stk--no-background stk--no-padding\"><div class=\"stk-block-content stk-inner-blocks stk-ca611ce-inner-blocks\">\n<p>Esta l\u00ednea contempla el estudio de las diversas manifestaciones y s\u00edntomas emergentes en la sociedad a ra\u00edz del uso social de las tecnolog\u00edas de comunicaci\u00f3n.<\/p>\n\n\n\n<div class=\"wp-block-stackable-columns stk-block-columns stk-block stk-cf421e7\" data-block-id=\"cf421e7\"><div class=\"stk-row stk-inner-blocks stk-block-content stk-content-align stk-cf421e7-column\">\n<div class=\"wp-block-stackable-column stk-block-column stk-column stk-block stk-af1cca3\" data-v=\"4\" data-block-id=\"af1cca3\"><div class=\"stk-column-wrapper stk-block-column__content stk-container stk-af1cca3-container stk--no-background stk--no-padding\"><div class=\"stk-block-content stk-inner-blocks stk-af1cca3-inner-blocks\">\n<div class=\"wp-block-stackable-text stk-block-text stk-block stk-dfaf4d2\" data-block-id=\"dfaf4d2\"><p class=\"stk-block-text__text\">Esta problem\u00e1tica aborda: las caracter\u00edsticas de la sociedad y cultura digital emergente en el medio, las desigualdades sociales y generacionales en el acceso y uso de las tecnolog\u00edas de comunicaci\u00f3n, la influencia de las redes sociales en la vida cotidiana, la influencia de los medios de comunicaci\u00f3n en la construcci\u00f3n de nuevos imaginarios sociales, la educaci\u00f3n virtual y la emergencia de nuevas relaciones en los procesos de ense\u00f1anza y aprendizaje (en diferentes contextos socioecon\u00f3micos, socioculturales y socioling\u00fc\u00edsticos). Asimismo, la configuraci\u00f3n de nuevas formas de trabajo y relaciones laborales en la sociedad digital.<\/p><\/div>\n<\/div><\/div><\/div>\n\n\n\n<div class=\"wp-block-stackable-column stk-block-column stk-column stk-block stk-2e3b95d\" data-v=\"4\" data-block-id=\"2e3b95d\"><div class=\"stk-column-wrapper stk-block-column__content stk-container stk-2e3b95d-container stk--no-background stk--no-padding\"><div class=\"stk-block-content stk-inner-blocks stk-2e3b95d-inner-blocks\">\n<div class=\"wp-block-stackable-image stk-block-image stk-block stk-1cfd45d\" data-block-id=\"1cfd45d\"><style>.stk-1cfd45d .stk-img-wrapper{width:384px !important;height:250px !important}@media screen and (max-width:689px){.stk-1cfd45d .stk-img-wrapper{width:100% !important}}<\/style><figure><span class=\"stk-img-wrapper stk-image--shape-stretch\"><img loading=\"lazy\" decoding=\"async\" class=\"stk-img wp-image-1582\" src=\"http:\/\/www.proeibandes.org\/wp-content\/uploads\/2024\/06\/Com-convivencia-social.jpg\" width=\"1024\" height=\"1024\" srcset=\"https:\/\/www.proeibandes.org\/wp-content\/uploads\/2024\/06\/Com-convivencia-social.jpg 1024w, https:\/\/www.proeibandes.org\/wp-content\/uploads\/2024\/06\/Com-convivencia-social-300x300.jpg 300w, https:\/\/www.proeibandes.org\/wp-content\/uploads\/2024\/06\/Com-convivencia-social-150x150.jpg 150w, https:\/\/www.proeibandes.org\/wp-content\/uploads\/2024\/06\/Com-convivencia-social-768x768.jpg 768w\" sizes=\"(max-width: 1024px) 100vw, 1024px\" \/><\/span><\/figure><\/div>\n<\/div><\/div><\/div>\n<\/div><\/div>\n<\/div><\/div><\/div>\n<\/details>\n\n\n\n<details class=\"wp-block-stackable-accordion stk-block-accordion stk-inner-blocks stk-block-content stk--is-open stk-block stk-aea376f is-style-default\" open data-block-id=\"aea376f\"><style>.stk-aea376f{margin-bottom:26px !important}<\/style>\n<summary class=\"wp-block-stackable-column stk-block-column stk-column stk-block stk-741304b stk--container-small stk-block-accordion__heading\" data-v=\"4\" data-block-id=\"741304b\"><div class=\"stk-column-wrapper stk-block-column__content stk-container stk-741304b-container stk-hover-parent\"><div class=\"stk-block-content stk-inner-blocks stk-741304b-inner-blocks\">\n<div class=\"wp-block-stackable-icon-label stk-block-icon-label stk-block stk-024479d\" data-block-id=\"024479d\"><div class=\"stk-row stk-inner-blocks stk-block-content\">\n<div class=\"wp-block-stackable-heading stk-block-heading stk-block-heading--v2 stk-block stk-48328a1\" id=\"strong-strong-strong-strong-educacion-superior-universitaria-y-gestion-del-conocimiento-plural-strong-strong-strong-strong\" data-block-id=\"48328a1\"><h4 class=\"stk-block-heading__text\"><strong><strong><strong><strong>Educaci\u00f3n superior universitaria y gesti\u00f3n del conocimiento plural<\/strong><\/strong><\/strong><\/strong><\/h4><\/div>\n\n\n\n<div class=\"wp-block-stackable-icon stk-block-icon stk-block stk-49699af\" data-block-id=\"49699af\"><span class=\"stk--svg-wrapper\"><div class=\"stk--inner-svg\"><svg style=\"height:0;width:0\"><defs><linearGradient id=\"linear-gradient-49699af\" x1=\"0\" x2=\"100%\" y1=\"0\" y2=\"0\"><stop offset=\"0%\" style=\"stop-opacity:1;stop-color:var(--linear-gradient-49699-af-color-1)\"><\/stop><stop offset=\"100%\" style=\"stop-opacity:1;stop-color:var(--linear-gradient-49699-af-color-2)\"><\/stop><\/linearGradient><\/defs><\/svg><svg data-prefix=\"fas\" data-icon=\"chevron-down\" class=\"svg-inline--fa fa-chevron-down fa-w-14\" xmlns=\"http:\/\/www.w3.org\/2000\/svg\" viewBox=\"0 0 448 512\" aria-hidden=\"true\" width=\"32\" height=\"32\"><path fill=\"currentColor\" d=\"M207.029 381.476L12.686 187.132c-9.373-9.373-9.373-24.569 0-33.941l22.667-22.667c9.357-9.357 24.522-9.375 33.901-.04L224 284.505l154.745-154.021c9.379-9.335 24.544-9.317 33.901.04l22.667 22.667c9.373 9.373 9.373 24.569 0 33.941L240.971 381.476c-9.373 9.372-24.569 9.372-33.942 0z\"><\/path><\/svg><\/div><\/span><\/div>\n<\/div><\/div>\n<\/div><\/div><\/summary>\n\n\n\n<div class=\"wp-block-stackable-column stk-block-column stk-column stk-block stk-ea1f420 stk-block-accordion__content\" data-v=\"4\" data-block-id=\"ea1f420\"><div class=\"stk-column-wrapper stk-block-column__content stk-container stk-ea1f420-container stk--no-background stk--no-padding\"><div class=\"stk-block-content stk-inner-blocks stk-ea1f420-inner-blocks\">\n<p>Esta l\u00ednea analiza la din\u00e1mica universitaria1, priorizando la gesti\u00f3n del conocimiento y los objetivos de la formaci\u00f3n de profesional.<\/p>\n\n\n\n<div class=\"wp-block-stackable-columns stk-block-columns stk-block stk-703e3fb\" data-block-id=\"703e3fb\"><div class=\"stk-row stk-inner-blocks stk-block-content stk-content-align stk-703e3fb-column\">\n<div class=\"wp-block-stackable-column stk-block-column stk-column stk-block stk-7b515b8\" data-v=\"4\" data-block-id=\"7b515b8\"><div class=\"stk-column-wrapper stk-block-column__content stk-container stk-7b515b8-container stk--no-background stk--no-padding\"><div class=\"stk-block-content stk-inner-blocks stk-7b515b8-inner-blocks\">\n<p>Centra su foco de atenci\u00f3n en la reflexi\u00f3n de los<\/p>\n\n\n\n<p>modelos de formaci\u00f3n universitaria y su relaci\u00f3n con las demandas de profesionalizaci\u00f3n del mercado laboral, en el escenario de las transformaciones sociales, econ\u00f3micas, culturales y pol\u00edticas del escenario local y global. Este abordaje comprende: el an\u00e1lisis de los perfiles profesionales y su actualizaci\u00f3n; los planes de estudio frente a las transformaci\u00f3n cient\u00edficas y tecnol\u00f3gicas; los enfoques pedag\u00f3gicos dominantes y su actualizaci\u00f3n; los sistemas de evaluaci\u00f3n y el desarrollo de competencias, en las distintas unidades acad\u00e9micas, carreras y programas de la educaci\u00f3n superior. Asimismo, pone de relieve el enfoque intercultural de la educaci\u00f3n superior: el pluralismo epistemol\u00f3gico, los saberes y lenguas ind\u00edgenas en la formaci\u00f3n universitaria, la oferta de formaci\u00f3n acad\u00e9mica en unidades desconcentradas y su relaci\u00f3n con los sistemas productivos locales, y la investigaci\u00f3n y producci\u00f3n de conocimiento local.<\/p>\n<\/div><\/div><\/div>\n\n\n\n<div class=\"wp-block-stackable-column stk-block-column stk-column stk-block stk-4e23c9e\" data-v=\"4\" data-block-id=\"4e23c9e\"><div class=\"stk-column-wrapper stk-block-column__content stk-container stk-4e23c9e-container stk--no-background stk--no-padding\"><div class=\"stk-block-content stk-inner-blocks stk-4e23c9e-inner-blocks\">\n<div class=\"wp-block-stackable-image stk-block-image stk-block stk-c465065\" data-block-id=\"c465065\"><style>.stk-c465065 .stk-img-wrapper{width:100% !important;height:350px !important}<\/style><figure><span class=\"stk-img-wrapper stk-image--shape-stretch\"><img loading=\"lazy\" decoding=\"async\" class=\"stk-img wp-image-1584\" src=\"http:\/\/www.proeibandes.org\/wp-content\/uploads\/2024\/06\/pikaso_texttoimage_-jvenes-indigenas-de-latinoamerica-pasando-clases-.jpeg\" width=\"1024\" height=\"1024\" srcset=\"https:\/\/www.proeibandes.org\/wp-content\/uploads\/2024\/06\/pikaso_texttoimage_-jvenes-indigenas-de-latinoamerica-pasando-clases-.jpeg 1024w, https:\/\/www.proeibandes.org\/wp-content\/uploads\/2024\/06\/pikaso_texttoimage_-jvenes-indigenas-de-latinoamerica-pasando-clases--300x300.jpeg 300w, https:\/\/www.proeibandes.org\/wp-content\/uploads\/2024\/06\/pikaso_texttoimage_-jvenes-indigenas-de-latinoamerica-pasando-clases--150x150.jpeg 150w, https:\/\/www.proeibandes.org\/wp-content\/uploads\/2024\/06\/pikaso_texttoimage_-jvenes-indigenas-de-latinoamerica-pasando-clases--768x768.jpeg 768w\" sizes=\"(max-width: 1024px) 100vw, 1024px\" \/><\/span><\/figure><\/div>\n<\/div><\/div><\/div>\n<\/div><\/div>\n<\/div><\/div><\/div>\n<\/details>\n\n\n\n<details class=\"wp-block-stackable-accordion stk-block-accordion stk-inner-blocks stk-block-content stk--is-open stk-block stk-b3f6eed is-style-default\" open data-block-id=\"b3f6eed\"><style>.stk-b3f6eed{margin-bottom:25px !important}<\/style>\n<summary class=\"wp-block-stackable-column stk-block-column stk-column stk-block stk-2dd5016 stk--container-small stk-block-accordion__heading\" data-v=\"4\" data-block-id=\"2dd5016\"><div class=\"stk-column-wrapper stk-block-column__content stk-container stk-2dd5016-container stk-hover-parent\"><div class=\"stk-block-content stk-inner-blocks stk-2dd5016-inner-blocks\">\n<div class=\"wp-block-stackable-icon-label stk-block-icon-label stk-block stk-5628960\" data-block-id=\"5628960\"><div class=\"stk-row stk-inner-blocks stk-block-content\">\n<div class=\"wp-block-stackable-heading stk-block-heading stk-block-heading--v2 stk-block stk-c763e57\" id=\"strong-strong-strong-crisis-ambiental-y-crisis-civilizatoria-strong-strong-strong\" data-block-id=\"c763e57\"><h4 class=\"stk-block-heading__text\"><strong><strong><strong>Crisis ambiental y crisis civilizatoria<\/strong><\/strong><\/strong><\/h4><\/div>\n\n\n\n<div class=\"wp-block-stackable-icon stk-block-icon stk-block stk-dd3aab9\" data-block-id=\"dd3aab9\"><span class=\"stk--svg-wrapper\"><div class=\"stk--inner-svg\"><svg style=\"height:0;width:0\"><defs><linearGradient id=\"linear-gradient-dd3aab9\" x1=\"0\" x2=\"100%\" y1=\"0\" y2=\"0\"><stop offset=\"0%\" style=\"stop-opacity:1;stop-color:var(--linear-gradient-dd-3-aab-9-color-1)\"><\/stop><stop offset=\"100%\" style=\"stop-opacity:1;stop-color:var(--linear-gradient-dd-3-aab-9-color-2)\"><\/stop><\/linearGradient><\/defs><\/svg><svg data-prefix=\"fas\" data-icon=\"chevron-down\" class=\"svg-inline--fa fa-chevron-down fa-w-14\" xmlns=\"http:\/\/www.w3.org\/2000\/svg\" viewBox=\"0 0 448 512\" aria-hidden=\"true\" width=\"32\" height=\"32\"><path fill=\"currentColor\" d=\"M207.029 381.476L12.686 187.132c-9.373-9.373-9.373-24.569 0-33.941l22.667-22.667c9.357-9.357 24.522-9.375 33.901-.04L224 284.505l154.745-154.021c9.379-9.335 24.544-9.317 33.901.04l22.667 22.667c9.373 9.373 9.373 24.569 0 33.941L240.971 381.476c-9.373 9.372-24.569 9.372-33.942 0z\"><\/path><\/svg><\/div><\/span><\/div>\n<\/div><\/div>\n<\/div><\/div><\/summary>\n\n\n\n<div class=\"wp-block-stackable-column stk-block-column stk-column stk-block stk-520606f stk-block-accordion__content\" data-v=\"4\" data-block-id=\"520606f\"><div class=\"stk-column-wrapper stk-block-column__content stk-container stk-520606f-container stk--no-background stk--no-padding\"><div class=\"stk-block-content stk-inner-blocks stk-520606f-inner-blocks\">\n<p>La crisis civilizatoria es la crisis de la modernidad occidental capitalista, que se refleja en el agotamiento de un modelo de producci\u00f3n y consumo insostenible, que amenaza la vida del planeta.<\/p>\n\n\n\n<div class=\"wp-block-stackable-columns stk-block-columns stk-block stk-3484d4d\" data-block-id=\"3484d4d\"><div class=\"stk-row stk-inner-blocks stk-block-content stk-content-align stk-3484d4d-column\">\n<div class=\"wp-block-stackable-column stk-block-column stk-column stk-block stk-8f90cc0\" data-v=\"4\" data-block-id=\"8f90cc0\"><div class=\"stk-column-wrapper stk-block-column__content stk-container stk-8f90cc0-container stk--no-background stk--no-padding\"><div class=\"stk-block-content stk-inner-blocks stk-8f90cc0-inner-blocks\">\n<div class=\"wp-block-stackable-text stk-block-text stk-block stk-b961ccb\" data-block-id=\"b961ccb\"><p class=\"stk-block-text__text\">En este contexto, la l\u00ednea de investigaci\u00f3n vincula el campo de conocimiento de las ciencias sociales y humanas para el abordaje de las diversas y complejas interrelaciones entre los ecosistemas y las condiciones sociales, econ\u00f3micas, ling\u00fc\u00edsticas y culturales de las poblaciones. Pone de relieve: las amenazas del modelo extractivita en diversos territorios y poblaciones, las estrategias locales frente al cambio clim\u00e1tico y los problemas ambientales (deforestaci\u00f3n, contaminaci\u00f3n del agua, el suelo y el aire, adem\u00e1s de la producci\u00f3n de basura); la importancia de las cosmovisiones y los sistemas de conocimiento etnoecol\u00f3gicos en el escenario de la diversidad cultural y biogeogr\u00e1fica que caracteriza el pa\u00eds; y las iniciativas de educaci\u00f3n ambiental desde una perspectiva cr\u00edtica e intercultural Asimismo, en la actual coyuntura, esta l\u00ednea tambi\u00e9n aborda la relaci\u00f3n entre crisis ecol\u00f3gica y crisis sanitaria, desde los diferentes imaginarios y pr\u00e1cticas.<\/p><\/div>\n<\/div><\/div><\/div>\n\n\n\n<div class=\"wp-block-stackable-column stk-block-column stk-column stk-block stk-e718c65\" data-v=\"4\" data-block-id=\"e718c65\"><div class=\"stk-column-wrapper stk-block-column__content stk-container stk-e718c65-container stk--no-background stk--no-padding\"><div class=\"stk-block-content stk-inner-blocks stk-e718c65-inner-blocks\">\n<div class=\"wp-block-stackable-image stk-block-image stk-block stk-cf08c6b\" data-block-id=\"cf08c6b\"><style>.stk-cf08c6b .stk-img-wrapper{width:20vw !important;height:350px !important}@media screen and (max-width:689px){.stk-cf08c6b .stk-img-wrapper{width:100% !important}}<\/style><figure><span class=\"stk-img-wrapper stk-image--shape-stretch\"><img loading=\"lazy\" decoding=\"async\" class=\"stk-img wp-image-1583\" src=\"http:\/\/www.proeibandes.org\/wp-content\/uploads\/2024\/06\/crisis-ambiental-civilizatoria.jpg\" width=\"1024\" height=\"1024\" srcset=\"https:\/\/www.proeibandes.org\/wp-content\/uploads\/2024\/06\/crisis-ambiental-civilizatoria.jpg 1024w, https:\/\/www.proeibandes.org\/wp-content\/uploads\/2024\/06\/crisis-ambiental-civilizatoria-300x300.jpg 300w, https:\/\/www.proeibandes.org\/wp-content\/uploads\/2024\/06\/crisis-ambiental-civilizatoria-150x150.jpg 150w, https:\/\/www.proeibandes.org\/wp-content\/uploads\/2024\/06\/crisis-ambiental-civilizatoria-768x768.jpg 768w\" sizes=\"(max-width: 1024px) 100vw, 1024px\" \/><\/span><\/figure><\/div>\n<\/div><\/div><\/div>\n<\/div><\/div>\n<\/div><\/div><\/div>\n<\/details>\n\n\n\n<div class=\"wp-block-stackable-spacer stk-block-spacer stk--no-padding stk-block stk-7b547ec\" data-block-id=\"7b547ec\"><\/div>\n","protected":false},"excerpt":{"rendered":"<p>Globalizaci\u00f3n, interculturalidad y educaci\u00f3n Esta l\u00ednea aborda la problem\u00e1tica de la educaci\u00f3n (en diferentes modalidades, \u00e1mbitos y actores sociales) vinculada a los fen\u00f3menos sociales, culturales, econ\u00f3micos, ambientales, jur\u00eddicos y comunicacionales, que moldean hoy la sociedad boliviana y local en el contexto de la diversidad cultural y la globalizaci\u00f3n. En este contexto, sobresale el an\u00e1lisis de [&hellip;]<\/p>\n","protected":false},"author":2,"featured_media":0,"parent":0,"menu_order":0,"comment_status":"closed","ping_status":"closed","template":"","meta":{"footnotes":""},"class_list":["post-981","page","type-page","status-publish","hentry"],"blocksy_meta":[],"_links":{"self":[{"href":"https:\/\/www.proeibandes.org\/index.php?rest_route=\/wp\/v2\/pages\/981"}],"collection":[{"href":"https:\/\/www.proeibandes.org\/index.php?rest_route=\/wp\/v2\/pages"}],"about":[{"href":"https:\/\/www.proeibandes.org\/index.php?rest_route=\/wp\/v2\/types\/page"}],"author":[{"embeddable":true,"href":"https:\/\/www.proeibandes.org\/index.php?rest_route=\/wp\/v2\/users\/2"}],"replies":[{"embeddable":true,"href":"https:\/\/www.proeibandes.org\/index.php?rest_route=%2Fwp%2Fv2%2Fcomments&post=981"}],"version-history":[{"count":7,"href":"https:\/\/www.proeibandes.org\/index.php?rest_route=\/wp\/v2\/pages\/981\/revisions"}],"predecessor-version":[{"id":1776,"href":"https:\/\/www.proeibandes.org\/index.php?rest_route=\/wp\/v2\/pages\/981\/revisions\/1776"}],"wp:attachment":[{"href":"https:\/\/www.proeibandes.org\/index.php?rest_route=%2Fwp%2Fv2%2Fmedia&parent=981"}],"curies":[{"name":"wp","href":"https:\/\/api.w.org\/{rel}","templated":true}]}}